{"id":2774,"date":"2016-10-20T16:44:04","date_gmt":"2016-10-20T16:44:04","guid":{"rendered":"https:\/\/www.lacasellamontalcino.com\/dintorni\/"},"modified":"2024-12-20T16:43:21","modified_gmt":"2024-12-20T15:43:21","slug":"umgebung","status":"publish","type":"page","link":"https:\/\/www.lacasellamontalcino.com\/de\/umgebung\/","title":{"rendered":"Umgebung"},"content":{"rendered":"<section class=\"wpb-content-wrapper\"><p>[vc_row][vc_column][vc_empty_space height=&#8220;15px&#8220;]\n\t<div class=\"title-subtitle-box   \" style=\" text-align: left;\">\n\t\t<h3 style=\" color:#831c34;  font-style: normal; text-transform: uppercase; font-weight: 600; letter-spacing: 0px;\" >Montalcino<\/h3>\n\t<\/div> [vc_column_text]Nur f\u00fcnf Gehminuten entfernt liegt Montalcino, die Heimat eines der ber\u00fchmtesten Weine Italiens: des Brunello. Im historischen Zentrum k\u00f6nnen Sie das ihm gewidmete Museum besuchen und zur Festung aus dem 14. Jahrhundert hinaufsteigen, die die Stadt dominiert. Gehen Sie um die Mauern herum und erfreuen Sie Ihre Augen mit faszinierenden Ausblicken. Besichtigen Sie die zahlreichen Kirchen mit ihren bedeutenden Fresken und das Stadt- und Di\u00f6zesanmuseum mit der reichhaltigen arch\u00e4ologischen Sammlung lokaler Funde. Montalcino wurde vom italienischen Touring Club mit der orangefarbenen Flagge ausgezeichnet.<\/p>\n<p>Was Sie nicht verpassen sollten:<\/p>\n<ul>\n<li><strong>DIE ER\u00d6FFNUNG DER JAGD<\/strong>: Ein fester Termin am zweiten Sonntag im August, der den historischen Umzug und das Bogenschie\u00dfen zwischen den Vierteln von Montalcino mit sich bringt, wobei alte Traditionen in einem Moment der Verbindung mit der Vergangenheit und der Einbindung in die lokale Kultur lebendig gehalten werden.<\/li>\n<li><strong>DAS DROSSELFEST<\/strong>: Dieses Fest (Sagra del Tordo) findet am letzten Sonntag im Oktober statt. Die Stadt schm\u00fcckt sich mit Fahnen, Musik, Volkst\u00e4nzen und kulinarischen Aromen, die in die Stra\u00dfen eindringen, wo die mittelalterliche historische Prozession durch den Klang von Klarinetten angek\u00fcndigt wird. Ein authentisches Erlebnis von Tradition und Gemeinschaft, eine Veranstaltung, bei der Kultur und Geschichte gefeiert werden, w\u00e4hrend die Stadtteile Ruga, Travaglio, Borghetto und Pianello im historischen Bogenschie\u00dfwettbewerb gegeneinander antreten.<\/li>\n<li><strong>DAS HONIGFEST<\/strong>: Montalcino, die Stadt des Honigs, bietet den Besuchern die M\u00f6glichkeit, mehr \u00fcber dieses kostbare Produkt zu erfahren. Am zweiten Septemberwochenende finden M\u00e4rkte, Konferenzen, Lehr- und Vorf\u00fchrveranstaltungen statt.<\/li>\n<li><strong>DAS FEST DES HAHNS<\/strong>: Jedes Jahr am ersten Sonntag im Oktober findet in Camigliano die Sagra del Galletto (Fest des Hahns) statt, eine Gelegenheit, alte kulinarische und folkloristische Traditionen neu zu entdecken. Heute findet auch das \u201eTorneo della Druzzola\u201c statt, bei dem vier Spieler gegeneinander antreten, um eine mit Eisen umwickelte Olivenholzscheibe mit Hilfe einer umwickelten Schnur durch die Stra\u00dfen des Dorfes zu werfen.<\/li>\n<li><strong>DER MARKT DER WEISSEN TR\u00dcFFEL<\/strong>: In San Giovanni d&#8217;Asso findet jedes Jahr der Markt f\u00fcr die wei\u00dfe Tr\u00fcffel statt, ein weiteres wertvolles Geschenk der Natur, an dem diese Gegend reich ist. Eine der wichtigsten Veranstaltungen der Branche, die 1985 auf Initiative der Associazione Tartufai Senesi und der Gemeindeverwaltung ins Leben gerufen wurde.<\/li>\n<li><strong>SANT&#8217;ANGELO SCALO &#8211; DORFFEST<\/strong>: Jedes Jahr am 1. Mai findet anl\u00e4sslich des Tages der Arbeit das traditionelle Fest von Sant&#8217;Angelo Scalo statt. W\u00e4hrend dieses beliebten Jahrmarkts bietet das kleine Dorf St\u00e4nde aller Art mit einem breiten Angebot an kulinarischen K\u00f6stlichkeiten, Wein und vielem mehr. F\u00fcr die Kinder ist ein Spielbereich reserviert. Am Nachmittag wird zwischen den drei Ortsteilen der Palio dei Ciuchi (Palio der Esel) ausgetragen.<\/li>\n<\/ul>\n<p>[\/vc_column_text][vc_btn title=&#8220;Start&#8220; size=&#8220;xs&#8220; link=&#8220;url:https%3A%2F%2Fmaps.app.goo.gl%2Fj4PGrBpy5reNLzLN6|target:_blank&#8220;][vc_separator border_width=&#8220;2&#8243;][vc_empty_space height=&#8220;15px&#8220;]\n\t<div class=\"title-subtitle-box   \" style=\" text-align: left;\">\n\t\t<h3 style=\" color:#831c34;  font-style: normal; text-transform: uppercase; font-weight: 600; letter-spacing: 0px;\" >DAS VAL D\u2019ORCIA<\/h3>\n\t<\/div> [vc_column_text]Das Val d&#8217;Orcia bietet ein einzigartiges Erlebnis f\u00fcr Naturliebhaber, Geschichtsinteressierte und Weinliebhaber. Die malerischen Landschaften sind weltber\u00fchmt f\u00fcr ihre Sch\u00f6nheit und sind zu einer Ikone der Toskana geworden, eine Inspiration f\u00fcr viele K\u00fcnstler und Fotografen. Der Blick auf goldene Felder und jahrhundertealte Zypressen, die Schluchten, die sich durch die H\u00fcgel schl\u00e4ngeln, die \u00fcppigen Weinberge, die die Stra\u00dfen s\u00e4umen, und der historische Reichtum der D\u00f6rfer sind der perfekte Leitfaden f\u00fcr einen unvergesslichen Tag.[\/vc_column_text][vc_separator border_width=&#8220;2&#8243;][vc_empty_space height=&#8220;15px&#8220;]\n\t<div class=\"title-subtitle-box   \" style=\" text-align: left;\">\n\t\t<h3 style=\" color:#831c34;  font-style: normal; text-transform: uppercase; font-weight: 600; letter-spacing: 0px;\" >CASTELNUOVO DELL\u2019ABATE UND DIE ABTEI SANT\u2019ANTIMO<\/h3>\n\t<\/div> [vc_column_text]Castelnuovo dell&#8217;Abate ist ein mittelalterliches Dorf mit Blick auf die majest\u00e4tische Abtei Sant&#8217;Antimo, eines der wichtigsten romanischen Bauwerke der Toskana. Sie wurde im 8. Jahrhundert von Karl dem Gro\u00dfen gegr\u00fcndet und sp\u00e4ter von den Benediktinern bewohnt.[\/vc_column_text][vc_btn title=&#8220;Start&#8220; size=&#8220;xs&#8220; link=&#8220;url:https%3A%2F%2Fmaps.app.goo.gl%2FgZvma9Dv3qqH2TAj9|target:_blank&#8220;][vc_separator border_width=&#8220;2&#8243;][vc_empty_space height=&#8220;15px&#8220;]\n\t<div class=\"title-subtitle-box   \" style=\" text-align: left;\">\n\t\t<h3 style=\" color:#831c34;  font-style: normal; text-transform: uppercase; font-weight: 600; letter-spacing: 0px;\" >SAN GIOVANNI D\u2019ASSO UND DAS TR\u00dcFFELMUSEUM<\/h3>\n\t<\/div> [vc_column_text]San Giovanni d&#8217;Asso ist weit \u00fcber die Grenzen Italiens hinaus bekannt f\u00fcr seine wei\u00dfen Tr\u00fcffel, eine kulinarische K\u00f6stlichkeit mit einzigartigem Aroma und au\u00dfergew\u00f6hnlichem Geschmack, die in der ganzen Welt als \u201eDiamant der Crete Senesi\u201c bekannt ist. In diesem bezaubernden Dorf befindet sich das Tr\u00fcffelmuseum, wo Sie die Geschichte und Kultur dieses kulinarischen Schatzes entdecken k\u00f6nnen.[\/vc_column_text][vc_btn title=&#8220;Start&#8220; size=&#8220;xs&#8220; link=&#8220;url:https%3A%2F%2Fmaps.app.goo.gl%2FHLxxBiZp7Vrjfxsh8|target:_blank&#8220;][vc_separator border_width=&#8220;2&#8243;][vc_empty_space height=&#8220;15px&#8220;]\n\t<div class=\"title-subtitle-box   \" style=\" text-align: left;\">\n\t\t<h3 style=\" color:#831c34;  font-style: normal; text-transform: uppercase; font-weight: 600; letter-spacing: 0px;\" >San Quirico d\u2019Orcia<\/h3>\n\t<\/div> [vc_column_text]San Quirico ist eines der Wahrzeichen des Val D&#8217;Orcia. Hier befinden sich die ber\u00fchmten Horti Leonini aus dem 16. Jahrhundert und die Stiftskirche San Quirico e Giulitta, ein romanischer Bau mit gotischen und barocken Elementen. Rundherum erstrecken sich atemberaubende Landschaften mit den charakteristischen, weltber\u00fchmten Zypressen.[\/vc_column_text][vc_btn title=&#8220;Start&#8220; size=&#8220;xs&#8220; link=&#8220;url:https%3A%2F%2Fmaps.app.goo.gl%2F9QHZXHvBhce4eixx8|target:_blank&#8220;][vc_separator border_width=&#8220;2&#8243;][vc_empty_space height=&#8220;15px&#8220;]\n\t<div class=\"title-subtitle-box   \" style=\" text-align: left;\">\n\t\t<h3 style=\" color:#831c34;  font-style: normal; text-transform: uppercase; font-weight: 600; letter-spacing: 0px;\" >Bagno Vignoni<\/h3>\n\t<\/div> [vc_column_text]Bagno Vignoni, eingebettet in die H\u00fcgel des Val d&#8217;Orcia, ist bekannt f\u00fcr seinen zentralen Platz mit einem gro\u00dfen nat\u00fcrlichen Thermalbecken und f\u00fcr das Angebot an Kureinrichtungen von gro\u00dfem touristischem Interesse.[\/vc_column_text][vc_btn title=&#8220;Start&#8220; size=&#8220;xs&#8220; link=&#8220;url:https%3A%2F%2Fmaps.app.goo.gl%2Fg6mhEaeb9tsagPJCA|target:_blank&#8220;][vc_separator border_width=&#8220;2&#8243;][vc_empty_space height=&#8220;15px&#8220;]\n\t<div class=\"title-subtitle-box   \" style=\" text-align: left;\">\n\t\t<h3 style=\" color:#831c34;  font-style: normal; text-transform: uppercase; font-weight: 600; letter-spacing: 0px;\" >Castiglione D\u2019Orcia<\/h3>\n\t<\/div> [vc_column_text]Der Ort liegt an der alten Via Francigena. Er kann in einem Atemzug besichtigt werden und bietet eindrucksvolle Aussichtspunkte wie die Rocca d&#8217;Orcia.<\/p>\n<p>[\/vc_column_text][vc_btn title=&#8220;Start&#8220; size=&#8220;xs&#8220; link=&#8220;url:https%3A%2F%2Fmaps.app.goo.gl%2FjCqxJqAg1ULdRnDW6|target:_blank&#8220;][vc_separator border_width=&#8220;2&#8243;][vc_empty_space height=&#8220;15px&#8220;]\n\t<div class=\"title-subtitle-box   \" style=\" text-align: left;\">\n\t\t<h3 style=\" color:#831c34;  font-style: normal; text-transform: uppercase; font-weight: 600; letter-spacing: 0px;\" >Pienza<\/h3>\n\t<\/div> [vc_column_text]Pienza, dessen historisches Zentrum von der UNESCO zum Weltkulturerbe erkl\u00e4rt wurde, ist nicht nur f\u00fcr seine architektonische Sch\u00f6nheit bekannt, sondern auch f\u00fcr seinen k\u00f6stlichen Pecorino-K\u00e4se. Die Stadt verbindet mittelalterlichen Charme mit gastronomischen Gen\u00fcssen.[\/vc_column_text][vc_btn title=&#8220;Start&#8220; size=&#8220;xs&#8220; link=&#8220;url:https%3A%2F%2Fmaps.app.goo.gl%2FthmE91F53twgGbqS9|target:_blank&#8220;][vc_separator border_width=&#8220;2&#8243;][vc_empty_space height=&#8220;15px&#8220;]\n\t<div class=\"title-subtitle-box   \" style=\" text-align: left;\">\n\t\t<h3 style=\" color:#831c34;  font-style: normal; text-transform: uppercase; font-weight: 600; letter-spacing: 0px;\" >Montepulciano<\/h3>\n\t<\/div> [vc_column_text]Montepulciano ist ein altes Dorf, das den ganzen Charme seiner Geschichte aus dem Mittelalter und der Renaissance bewahrt hat. Es ist ber\u00fchmt f\u00fcr die Produktion des Vino Nobile di Montepulciano und f\u00fcr seine charakteristischen Geb\u00e4ude, Pl\u00e4tze, Gassen und die Medici-Festung aus dem 13. Jahrhundert.[\/vc_column_text][vc_btn title=&#8220;Start&#8220; size=&#8220;xs&#8220; link=&#8220;url:https%3A%2F%2Fmaps.app.goo.gl%2Friu2kFLTp3jyeByj6|target:_blank&#8220;][vc_separator border_width=&#8220;2&#8243;][vc_empty_space height=&#8220;15px&#8220;]\n\t<div class=\"title-subtitle-box   \" style=\" text-align: left;\">\n\t\t<h3 style=\" color:#831c34;  font-style: normal; text-transform: uppercase; font-weight: 600; letter-spacing: 0px;\" >ABTEI VON MONTE OLIVETO MAGGIORE<\/h3>\n\t<\/div> [vc_column_text]Die 1313 von Benediktinerm\u00f6nchen gegr\u00fcndete Abtei ist ber\u00fchmt f\u00fcr ihre Architektur im Stil der Gotik und der Renaissance in einer atemberaubenden Landschaft sowie f\u00fcr ihre herrlichen Fresken im Kreuzgang. Die Fresken von Luca Signorelli und anderen Renaissancemeistern erz\u00e4hlen Geschichten aus dem Leben des heiligen Benedikt und stellen eines der besten Beispiele italienischer Sakralkunst jener Zeit dar.[\/vc_column_text][vc_btn title=&#8220;Start&#8220; size=&#8220;xs&#8220; link=&#8220;url:https%3A%2F%2Fmaps.app.goo.gl%2FXaLjsiaZFXccsyjCA|target:_blank&#8220;][vc_separator border_width=&#8220;2&#8243;][vc_empty_space height=&#8220;15px&#8220;]\n\t<div class=\"title-subtitle-box   \" style=\" text-align: left;\">\n\t\t<h3 style=\" color:#831c34;  font-style: normal; text-transform: uppercase; font-weight: 600; letter-spacing: 0px;\" >SIENA UND DER TRADITIONELLE PALIO<\/h3>\n\t<\/div> [vc_column_text]Siena, etwa eine Stunde von unserem Agriturismo entfernt, ist einer der beliebtesten Orte in unserer Region. Anl\u00e4sslich des ber\u00fchmten Palio di Siena, der jedes Jahr am 2. Juli und am 16. August stattfindet, f\u00fcllt sich die Piazza del Campo mit Enthusiasten und Mitgliedern der Contraden.[\/vc_column_text][vc_btn title=&#8220;Start&#8220; size=&#8220;xs&#8220; link=&#8220;url:https%3A%2F%2Fmaps.app.goo.gl%2FuerSymjhf2ZDq4MA7|target:_blank&#8220;][vc_separator border_width=&#8220;2&#8243;][vc_empty_space height=&#8220;15px&#8220;]\n\t<div class=\"title-subtitle-box   \" style=\" text-align: left;\">\n\t\t<h3 style=\" color:#831c34;  font-style: normal; text-transform: uppercase; font-weight: 600; letter-spacing: 0px;\" >ABBADIA SAN SALVATORE UND DAS BERGBAUMUSEUM<\/h3>\n\t<\/div> [vc_column_text]In Abbadia San Salvatore, auf der sienesischen Seite des Monte Amiata, gibt es ein Museum, das aus den alten Bergbaustollen entstanden ist und heute mit einem kleinen Zug besichtigt werden kann.[\/vc_column_text][vc_btn title=&#8220;Start&#8220; size=&#8220;xs&#8220; link=&#8220;url:https%3A%2F%2Fmaps.app.goo.gl%2Fwd2e4bWzVRAxmKR16|target:_blank&#8220;][vc_separator border_width=&#8220;2&#8243;][vc_empty_space height=&#8220;15px&#8220;]\n\t<div class=\"title-subtitle-box   \" style=\" text-align: left;\">\n\t\t<h3 style=\" color:#831c34;  font-style: normal; text-transform: uppercase; font-weight: 600; letter-spacing: 0px;\" >Terme di San Filippo<\/h3>\n\t<\/div> [vc_column_text]Die Thermen von Bagni San Filippo bieten eindrucksvolle Naturheilb\u00e4der mit Thermalwasserf\u00e4llen und wei\u00dfen Kalksteinbecken inmitten der Natur sowie Einrichtungen, die nach vorheriger Reservierung spezielle Behandlungen anbieten.[\/vc_column_text][vc_btn title=&#8220;Start&#8220; size=&#8220;xs&#8220; link=&#8220;url:https%3A%2F%2Fmaps.app.goo.gl%2Fsu3qUAUQBcWApbtX6|target:_blank&#8220;][vc_separator border_width=&#8220;2&#8243;][vc_empty_space height=&#8220;15px&#8220;]\n\t<div class=\"title-subtitle-box   \" style=\" text-align: left;\">\n\t\t<h3 style=\" color:#831c34;  font-style: normal; text-transform: uppercase; font-weight: 600; letter-spacing: 0px;\" >Radicofani<\/h3>\n\t<\/div> [vc_column_text]Radicofani liegt im malerischen Val d&#8217;Orcia und wird auf einer L\u00e4nge von 15 km von der alten Via Francigena durchquert. In der Ortschaft befindet sich die romanische Kirche San Pietro aus dem 13. Jahrhundert, die eine wertvolle Sammlung von Terrakotten von Della Robbia und verschiedene Holzskulpturen beherbergt, unter denen die &#8222;Madonna mit Kind&#8220; von Francesco Valdambrino hervorzuheben ist. Das wahre Schmuckst\u00fcck der Landschaft von Radicofani ist die herrliche Festung, die einen atemberaubenden Ausblick bietet.[\/vc_column_text][vc_btn title=&#8220;Start&#8220; size=&#8220;xs&#8220; link=&#8220;url:https%3A%2F%2Fmaps.app.goo.gl%2Fo73tUx8NLHpAeJWHA|target:_blank&#8220;][\/vc_column][\/vc_row][vc_row][vc_column][vc_column_text]<\/p>\n<p>[\/vc_column_text][\/vc_column][\/vc_row]<\/p>\n<\/section>","protected":false},"excerpt":{"rendered":"<p>[vc_row][vc_column][vc_empty_space height=&#8220;15px&#8220;][vc_column_text]Nur f\u00fcnf Gehminuten entfernt liegt Montalcino, die Heimat eines der ber\u00fchmtesten Weine Italiens: des Brunello. Im historischen Zentrum k\u00f6nnen Sie das ihm gewidmete Museum besuchen und zur Festung aus dem 14. Jahrhundert hinaufsteigen, die die Stadt dominiert. Gehen Sie um die Mauern herum und erfreuen Sie Ihre Augen mit faszinierenden Ausblicken. Besichtigen Sie die<br class=\"read-more-spacer\"> <a class=\"more-link\" href=\"https:\/\/www.lacasellamontalcino.com\/de\/umgebung\/\">Read More<\/a><\/p>\n","protected":false},"author":1,"featured_media":5745,"parent":0,"menu_order":0,"comment_status":"closed","ping_status":"closed","template":"","meta":{"footnotes":""},"acf":[],"_links":{"self":[{"href":"https:\/\/www.lacasellamontalcino.com\/de\/wp-json\/wp\/v2\/pages\/2774"}],"collection":[{"href":"https:\/\/www.lacasellamontalcino.com\/de\/wp-json\/wp\/v2\/pages"}],"about":[{"href":"https:\/\/www.lacasellamontalcino.com\/de\/wp-json\/wp\/v2\/types\/page"}],"author":[{"embeddable":true,"href":"https:\/\/www.lacasellamontalcino.com\/de\/wp-json\/wp\/v2\/users\/1"}],"replies":[{"embeddable":true,"href":"https:\/\/www.lacasellamontalcino.com\/de\/wp-json\/wp\/v2\/comments?post=2774"}],"version-history":[{"count":12,"href":"https:\/\/www.lacasellamontalcino.com\/de\/wp-json\/wp\/v2\/pages\/2774\/revisions"}],"predecessor-version":[{"id":7139,"href":"https:\/\/www.lacasellamontalcino.com\/de\/wp-json\/wp\/v2\/pages\/2774\/revisions\/7139"}],"wp:featuredmedia":[{"embeddable":true,"href":"https:\/\/www.lacasellamontalcino.com\/de\/wp-json\/wp\/v2\/media\/5745"}],"wp:attachment":[{"href":"https:\/\/www.lacasellamontalcino.com\/de\/wp-json\/wp\/v2\/media?parent=2774"}],"curies":[{"name":"wp","href":"https:\/\/api.w.org\/{rel}","templated":true}]}}